{"id":8035,"date":"2015-08-20T16:00:50","date_gmt":"2015-08-20T14:00:50","guid":{"rendered":"http:\/\/codexvirtualis.fr\/codex\/?page_id=8035"},"modified":"2017-09-30T10:58:13","modified_gmt":"2017-09-30T08:58:13","slug":"cloture-attractive","status":"publish","type":"page","link":"https:\/\/codexvirtualis.fr\/codex\/cabinet-de-curiosites-virtuel\/des-animaux-et-des-milieux\/cloture-attractive","title":{"rendered":"Une cl\u00f4ture attractive"},"content":{"rendered":"<h2>Le d\u00e9cor<\/h2>\n<figure style=\"width: 300px\" class=\"wp-caption alignnone\"><a href=\"\/documents\/images\/cloture_gerland\/cloture_7356-WEB.JPG\" target=\"_blank\" rel=\"lightbox\"><img decoding=\"async\" class=\"\" src=\"\/documents\/images\/cloture_gerland\/cloture_7356-WEB.JPG\" alt=\"Cl\u00f4ture\" width=\"300\" \/><\/a><figcaption class=\"wp-caption-text\">Cl\u00f4ture du chantier de prolongement de la ligne B du m\u00e9tro lyonnais (Lyon, ao\u00fbt 2013)<\/figcaption><\/figure>\n<p> &nbsp; <\/p>\n<p>En 2009 d\u00e9butent les travaux du prolongement de la ligne B du m\u00e9tro de Lyon de la station Stade de Gerland vers le futur terminus Gare d&rsquo;Oullins.<\/p>\n<p>Le trac\u00e9 comporte une galerie souterraine traversant le Rh\u00f4ne, construite \u00e0 l&rsquo;aide d&rsquo;un tunnelier.<br \/>\nPour permettre sa r\u00e9alisation, un puits d&rsquo;entr\u00e9e est ouvert dans la partie sud du Parc de Gerland, qui est ceinte d&rsquo;une cl\u00f4ture et devient inaccessible au public pendant plusieurs mois.<\/p>\n<p>En d\u00e9cembre 2013, le nouveau tron\u00e7on de la ligne B est mis en service.<br \/>\nIntervient alors le r\u00e9am\u00e9nagement de la zone des travaux puis sa r\u00e9ouverture au public.<\/p>\n<p>Un observateur attentif aura constat\u00e9 que pendant la dur\u00e9e des travaux, la cl\u00f4ture du chantier s&rsquo;est r\u00e9v\u00e9l\u00e9e attractive pour de multiples Insectes.<\/p>\n<p>En voici un floril\u00e8ge succinct, qui est aussi l&rsquo;occasion de consulter les caract\u00e9ristiques de quelques groupes d&rsquo;Insectes !<\/p>\n<p> &nbsp; <\/p>\n<h2>Quelques acteurs<\/h2>\n<h3>Des \u00c9ph\u00e9m\u00e9ropt\u00e8res<\/h3>\n<figure style=\"width: 225px\" class=\"wp-caption alignnone\"><a href=\"\/documents\/images\/cloture_gerland\/Heptagenia_sulphurea02_11-WEB.JPG\" target=\"_blank\" rel=\"lightbox\"><img decoding=\"async\" class=\"\" src=\"\/documents\/images\/cloture_gerland\/Heptagenia_sulphurea02_11-WEB.JPG\" alt=\"Mouche de mai\" width=\"225\" \/><\/a><figcaption class=\"wp-caption-text\">La Mouche de mai (<em>Heptagenia sulphurea<\/em> &#8211; Lyon, mai 2011 &#8211; G. Rigaud)<\/figcaption><\/figure>\n<p style=\"text-align: right;\">Pour conna\u00eetre les caract\u00e9ristiques des <a href=\"\/codex\/cabinet-de-curiosites-virtuel\/de-lidentification-des-animaux\/quel-insecte\/ephemeropteres\">\u00c9ph\u00e9m\u00e9ropt\u00e8res<\/a><\/p>\n<p> &nbsp; <\/p>\n<h3>Des Orthopt\u00e8res<\/h3>\n<figure style=\"width: 225px\" class=\"wp-caption alignnone\"><a href=\"\/documents\/images\/cloture_gerland\/Tettigonia_viridissima11_11-WEB.JPG\" rel=\"lightbox\"><img decoding=\"async\" class=\"\" src=\"\/documents\/images\/cloture_gerland\/Tettigonia_viridissima11_11-WEB.JPG\" alt=\"Grande Sauterelle verte\" width=\"225\" \/><\/a><figcaption class=\"wp-caption-text\">La Grande Sauterelle verte (<em>Tettigonia viridissima<\/em> &#8211; Lyon, mai 2011 &#8211; G.Rigaud)<\/figcaption><\/figure>\n<p style=\"text-align: right;\">Pour conna\u00eetre les caract\u00e9ristiques des <a href=\"\/codex\/cabinet-de-curiosites-virtuel\/de-lidentification-des-animaux\/quel-insecte\/orthopteres\">Orthopt\u00e8res<\/a><\/p>\n<p> &nbsp; <\/p>\n<h3>Des H\u00e9mipt\u00e8res<\/h3>\n<figure style=\"width: 300px\" class=\"wp-caption alignnone\"><a href=\"\/documents\/images\/cloture_gerland\/coreus_marginatus_6482-WEB.JPG\" target=\"_blank\" rel=\"lightbox\"><img decoding=\"async\" class=\"\" src=\"\/documents\/images\/cloture_gerland\/coreus_marginatus_6482-WEB.JPG\" alt=\"Cor\u00e9e margin\u00e9e\" width=\"300\" \/><\/a><figcaption class=\"wp-caption-text\">La Cor\u00e9e margin\u00e9e (<em>Coreus marginatus<\/em> &#8211; Lyon, septembre 2011 &#8211; G. Rigaud)<\/figcaption><\/figure>\n<p style=\"text-align: right;\">Pour conna\u00eetre les caract\u00e9ristiques des <a href=\"\/codex\/cabinet-de-curiosites-virtuel\/de-lidentification-des-animaux\/quel-insecte\/hemipteres\">H\u00e9mipt\u00e8res<\/a><\/p>\n<p> &nbsp; <\/p>\n<h3>Des Col\u00e9opt\u00e8res<\/h3>\n<figure style=\"width: 300px\" class=\"wp-caption alignnone\"><a href=\"\/documents\/images\/cloture_gerland\/coccinelle_7_points63_11-WEB.JPG\" target=\"_blank\" rel=\"lightbox\"><img decoding=\"async\" class=\"\" src=\"\/documents\/images\/cloture_gerland\/coccinelle_7_points63_11-WEB.JPG\" alt=\"Coccinelle \u00e0 sept points\" width=\"300\" \/><\/a><figcaption class=\"wp-caption-text\">La Coccinelle \u00e0 sept points (<em>Coccinella septempunctata<\/em> &#8211; Lyon, juillet 2011 &#8211; G. Rigaud)<\/figcaption><\/figure>\n<p style=\"text-align: right;\">Pour conna\u00eetre les caract\u00e9ristiques des <a href=\"\/codex\/cabinet-de-curiosites-virtuel\/de-lidentification-des-animaux\/quel-insecte\/coleopteres\">Col\u00e9opt\u00e8res<\/a><\/p>\n<p> &nbsp; <\/p>\n<h3>Des Trichopt\u00e8res<\/h3>\n<figure style=\"width: 225px\" class=\"wp-caption alignnone\"><a href=\"\/documents\/images\/cloture_gerland\/phrygane502_11-WEB.JPG\" target=\"_blank\" rel=\"lightbox\"><img decoding=\"async\" class=\"\" src=\"\/documents\/images\/cloture_gerland\/phrygane502_11-WEB.JPG\" alt=\"Phrygane\" width=\"225\" \/><\/a><figcaption class=\"wp-caption-text\">La Phrygane (Lyon, avril 2011 &#8211; G. Rigaud)<\/figcaption><\/figure>\n<p style=\"text-align: right;\">Pour conna\u00eetre les caract\u00e9ristiques des <a href=\"\/codex\/cabinet-de-curiosites-virtuel\/de-lidentification-des-animaux\/quel-insecte\/trichopteres\">Trichopt\u00e8res<\/a><\/p>\n<p> &nbsp; <\/p>\n<h3>Des L\u00e9pidopt\u00e8res<\/h3>\n<figure style=\"width: 300px\" class=\"wp-caption alignnone\"><a href=\"\/documents\/images\/cloture_gerland\/Pterophorus_sp02_11-WEB.JPG\" target=\"_blank\" rel=\"lightbox\"><img decoding=\"async\" class=\"\" src=\"\/documents\/images\/cloture_gerland\/Pterophorus_sp02_11-WEB.JPG\" alt=\"Pt\u00e9rophore\" width=\"300\" \/><\/a><figcaption class=\"wp-caption-text\">Le Pt\u00e9rophore (<em>Pterophorus sp.<\/em> &#8211; Lyon, mai 2011 &#8211; G. Rigaud)<\/figcaption><\/figure>\n<p> &nbsp; <\/p>\n<figure style=\"width: 300px\" class=\"wp-caption alignnone\"><a href=\"\/documents\/images\/cloture_gerland\/Phlogophora_meticulosa02_11-WEB.JPG\" target=\"_blank\" rel=\"lightbox\"><img decoding=\"async\" class=\"\" src=\"\/documents\/images\/cloture_gerland\/Phlogophora_meticulosa02_11-WEB.JPG\" alt=\"M\u00e9ticuleuse\" width=\"300\" \/><\/a><figcaption class=\"wp-caption-text\">La M\u00e9ticuleuse (<em>Phlogophora meticulosa<\/em> &#8211; Lyon, mai 2011 &#8211; G. Rigaud)<\/figcaption><\/figure>\n<p> &nbsp; <\/p>\n<figure style=\"width: 225px\" class=\"wp-caption alignnone\"><a href=\"\/documents\/images\/cloture_gerland\/Mythimna_impura01_11-WEB.JPG\" target=\"_blank\" rel=\"lightbox\"><img decoding=\"async\" class=\"\" src=\"\/documents\/images\/cloture_gerland\/Mythimna_impura01_11-WEB.JPG\" alt=\"Leucanie souill\u00e9e\" width=\"225\" \/><\/a><figcaption class=\"wp-caption-text\">La Leucanie souill\u00e9e (<em>Mythimna impura<\/em> &#8211; Lyon, mai 2011 &#8211; G. Rigaud)<\/figcaption><\/figure>\n<p> &nbsp; <\/p>\n<figure style=\"width: 225px\" class=\"wp-caption alignnone\"><a href=\"\/documents\/images\/cloture_gerland\/agrochola_laevis_707_11-WEB.JPG\" target=\"_blank\" rel=\"lightbox\"><img decoding=\"async\" class=\"\" src=\"\/documents\/images\/cloture_gerland\/agrochola_laevis_707_11-WEB.JPG\" alt=\"Xanthie ros\u00e2tre\" width=\"225\" \/><\/a><figcaption class=\"wp-caption-text\">La Xanthie ros\u00e2tre (<em>Agrochola laevis<\/em> &#8211; Lyon, juin 2011 &#8211; G. Rigaud)<\/figcaption><\/figure>\n<p> &nbsp; <\/p>\n<figure style=\"width: 225px\" class=\"wp-caption alignnone\"><a href=\"\/documents\/images\/cloture_gerland\/chrysocrambus_sp_103_11-WEB.JPG\" target=\"_blank\" rel=\"lightbox\"><img decoding=\"async\" class=\"\" src=\"\/documents\/images\/cloture_gerland\/chrysocrambus_sp_103_11-WEB.JPG\" alt=\"Crambus\" width=\"225\" \/><\/a><figcaption class=\"wp-caption-text\">Le Crambus (<em>Chrysocrambus sp.<\/em> &#8211; Lyon, juin 2011 &#8211; G. Rigaud)<\/figcaption><\/figure>\n<p> &nbsp; <\/p>\n<figure style=\"width: 300px\" class=\"wp-caption alignnone\"><a href=\"\/documents\/images\/cloture_gerland\/cnephasia_alticolana_603_11-WEB.JPG\" target=\"_blank\" rel=\"lightbox\"><img decoding=\"async\" class=\"\" src=\"\/documents\/images\/cloture_gerland\/cnephasia_alticolana_603_11-WEB.JPG\" alt=\"Tordeuse\" width=\"300\" \/><\/a><figcaption class=\"wp-caption-text\">La tordeuse du houblon (<em>Cnephasia alticolana<\/em> &#8211; Lyon, mai 2011 &#8211; G. Rigaud)<\/figcaption><\/figure>\n<p style=\"text-align: right;\">Pour conna\u00eetre les caract\u00e9ristiques des <a href=\"\/codex\/cabinet-de-curiosites-virtuel\/de-lidentification-des-animaux\/quel-insecte\/lepidopteres\">L\u00e9pidopt\u00e8res<\/a><\/p>\n<p> &nbsp; <\/p>\n<h3>Des Dipt\u00e8res<\/h3>\n<figure style=\"width: 300px\" class=\"wp-caption alignnone\"><a rel=\"lightbox\" href=\"\/documents\/images\/cloture_gerland\/tipule_6516-WEB.JPG\" target=\"_blank\"><img decoding=\"async\" class=\"\" src=\"\/documents\/images\/cloture_gerland\/tipule_6516-WEB.JPG\" alt=\"Tipule\" width=\"300\" \/><\/a><figcaption class=\"wp-caption-text\">La Tipule (Lyon, septembre 2011 &#8211; G. Rigaud)<\/figcaption><\/figure>\n<p style=\"text-align: right;\">Pour conna\u00eetre les caract\u00e9ristiques des <a href=\"\/codex\/cabinet-de-curiosites-virtuel\/de-lidentification-des-animaux\/quel-insecte\/dipteres\">Dipt\u00e8res<\/a><\/p>\n<p> &nbsp; <\/p>\n<h3>Mais aussi&#8230; des Araign\u00e9es<\/h3>\n<figure style=\"width: 300px\" class=\"wp-caption alignnone\"><a href=\"\/documents\/images\/cloture_gerland\/thomisus_sp_1702_11-WEB.JPG\" target=\"_blank\" rel=\"lightbox\"><img decoding=\"async\" class=\"\" src=\"\/documents\/images\/cloture_gerland\/thomisus_sp_1702_11-WEB.JPG\" alt=\"Thomise\" width=\"300\" \/><\/a><figcaption class=\"wp-caption-text\">La Thomise (<em>Thomisus sp.<\/em> &#8211; Lyon, avril 2011 &#8211; G. Rigaud)<\/figcaption><\/figure>\n<p> &nbsp; <\/p>\n<figure style=\"width: 300px\" class=\"wp-caption alignnone\"><a href=\"\/documents\/images\/cloture_gerland\/xysticus_sp_6508-WEB.JPG\" target=\"_blank\" rel=\"lightbox\"><img decoding=\"async\" class=\"\" src=\"\/documents\/images\/cloture_gerland\/xysticus_sp_6508-WEB.JPG\" alt=\"Xystique\" width=\"300\" \/><\/a><figcaption class=\"wp-caption-text\">Le Xystique (<em>Xysticus sp.<\/em> &#8211; Lyon, juillet 2011 &#8211; G. Rigaud)<\/figcaption><\/figure>\n<p> &nbsp; <\/p>\n<figure style=\"width: 300px\" class=\"wp-caption alignnone\"><a href=\"\/documents\/images\/cloture_gerland\/Pisaura_mirabilis_6499-WEB.JPG\" target=\"_blank\" rel=\"lightbox\"><img decoding=\"async\" class=\"\" src=\"\/documents\/images\/cloture_gerland\/Pisaura_mirabilis_6499-WEB.JPG\" alt=\"Pisaure admirable\" width=\"300\" \/><\/a><figcaption class=\"wp-caption-text\">La Pisaure admirable (<em>Pisaura mirabilis<\/em> &#8211; Lyon, septembre 2011 &#8211; G. Rigaud)<\/figcaption><\/figure>\n<p> &nbsp; <\/p>\n<p>Ces quelques images montrent que la pr\u00e9sence dans l&rsquo;environnement d&rsquo;un nouvel objet donne lieu \u00e0 une exploration par certains animaux occupant les alentours.<\/p>\n<p>En l&rsquo;occurrence, la surface lisse de la cl\u00f4ture et son orientation avaient l&rsquo;avantage de rendre tr\u00e8s visible la faune qui s&rsquo;y aventurait !<\/p>\n<p> &nbsp; <\/p>\n<p>Consulter, pour en savoir plus sur :<\/p>\n<p><span style=\"color: #999999;\">&bull; <\/span>la faune des parcs de Gerland et des Berges du Rh\u00f4ne, l&rsquo;album d&rsquo;images de <a href=\"\/images\/index.php?album=parcs-de-gerland-et-des-berges-du-rhone\" target=\"_blank\">Codex virtualis<\/a> (adresse http:\/\/codexvirtualis.fr\/images\/index.php?album=parcs-de-gerland-et-des-berges-du-rhone)<\/p>\n<p><span style=\"color: #999999;\">&bull; <\/span>les transports en commun de l&rsquo;agglom\u00e9ration lyonnaise, le site du <a href=\"http:\/\/www.sytral.fr\/\" target=\"_blank\">Sytral<\/a> (Syndicat mixte des transports pour le Rh\u00f4ne et l&rsquo;agglom\u00e9ration lyonnaise &#8211; adresse http:\/\/www.sytral.fr\/)<\/p>\n<p><span style=\"color: #999999;\">&bull; <\/span>le parc de Gerland, le site de la <a href=\"http:\/\/www.lyon.fr\/\" target=\"_blank\">Ville de Lyon<\/a> (adresse http:\/\/www.lyon.fr\/)<\/p>\n","protected":false},"excerpt":{"rendered":"<p>Le d\u00e9cor &nbsp; En 2009 d\u00e9butent les travaux du prolongement de la ligne B du m\u00e9tro de Lyon de la station Stade de Gerland vers le futur terminus Gare d&rsquo;Oullins. Le trac\u00e9 comporte une galerie souterraine traversant le Rh\u00f4ne, construite \u00e0 l&rsquo;aide d&rsquo;un tunnelier. Pour permettre sa r\u00e9alisation, un puits d&rsquo;entr\u00e9e est ouvert dans la [&hellip;]<\/p>\n","protected":false},"author":2,"featured_media":0,"parent":1757,"menu_order":4,"comment_status":"closed","ping_status":"closed","template":"","meta":{"site-sidebar-layout":"default","site-content-layout":"","ast-site-content-layout":"default","site-content-style":"default","site-sidebar-style":"default","ast-global-header-display":"","ast-banner-title-visibility":"","ast-main-header-display":"","ast-hfb-above-header-display":"","ast-hfb-below-header-display":"","ast-hfb-mobile-header-display":"","site-post-title":"","ast-breadcrumbs-content":"","ast-featured-img":"","footer-sml-layout":"","ast-disable-related-posts":"","theme-transparent-header-meta":"","adv-header-id-meta":"","stick-header-meta":"","header-above-stick-meta":"","header-main-stick-meta":"","header-below-stick-meta":"","astra-migrate-meta-layouts":"default","ast-page-background-enabled":"default","ast-page-background-meta":{"desktop":{"background-color":"var(--ast-global-color-4)","background-image":"","background-repeat":"repeat","background-position":"center center","background-size":"auto","background-attachment":"scroll","background-type":"","background-media":"","overlay-type":"","overlay-color":"","overlay-opacity":"","overlay-gradient":""},"tablet":{"background-color":"","background-image":"","background-repeat":"repeat","background-position":"center center","background-size":"auto","background-attachment":"scroll","background-type":"","background-media":"","overlay-type":"","overlay-color":"","overlay-opacity":"","overlay-gradient":""},"mobile":{"background-color":"","background-image":"","background-repeat":"repeat","background-position":"center center","background-size":"auto","background-attachment":"scroll","background-type":"","background-media":"","overlay-type":"","overlay-color":"","overlay-opacity":"","overlay-gradient":""}},"ast-content-background-meta":{"desktop":{"background-color":"var(--ast-global-color-5)","background-image":"","background-repeat":"repeat","background-position":"center center","background-size":"auto","background-attachment":"scroll","background-type":"","background-media":"","overlay-type":"","overlay-color":"","overlay-opacity":"","overlay-gradient":""},"tablet":{"background-color":"var(--ast-global-color-5)","background-image":"","background-repeat":"repeat","background-position":"center center","background-size":"auto","background-attachment":"scroll","background-type":"","background-media":"","overlay-type":"","overlay-color":"","overlay-opacity":"","overlay-gradient":""},"mobile":{"background-color":"var(--ast-global-color-5)","background-image":"","background-repeat":"repeat","background-position":"center center","background-size":"auto","background-attachment":"scroll","background-type":"","background-media":"","overlay-type":"","overlay-color":"","overlay-opacity":"","overlay-gradient":""}},"footnotes":""},"class_list":["post-8035","page","type-page","status-publish","hentry"],"aioseo_notices":[],"jetpack_sharing_enabled":true,"_links":{"self":[{"href":"https:\/\/codexvirtualis.fr\/codex\/wp-json\/wp\/v2\/pages\/8035","targetHints":{"allow":["GET"]}}],"collection":[{"href":"https:\/\/codexvirtualis.fr\/codex\/wp-json\/wp\/v2\/pages"}],"about":[{"href":"https:\/\/codexvirtualis.fr\/codex\/wp-json\/wp\/v2\/types\/page"}],"author":[{"embeddable":true,"href":"https:\/\/codexvirtualis.fr\/codex\/wp-json\/wp\/v2\/users\/2"}],"replies":[{"embeddable":true,"href":"https:\/\/codexvirtualis.fr\/codex\/wp-json\/wp\/v2\/comments?post=8035"}],"version-history":[{"count":5,"href":"https:\/\/codexvirtualis.fr\/codex\/wp-json\/wp\/v2\/pages\/8035\/revisions"}],"predecessor-version":[{"id":8037,"href":"https:\/\/codexvirtualis.fr\/codex\/wp-json\/wp\/v2\/pages\/8035\/revisions\/8037"}],"up":[{"embeddable":true,"href":"https:\/\/codexvirtualis.fr\/codex\/wp-json\/wp\/v2\/pages\/1757"}],"wp:attachment":[{"href":"https:\/\/codexvirtualis.fr\/codex\/wp-json\/wp\/v2\/media?parent=8035"}],"curies":[{"name":"wp","href":"https:\/\/api.w.org\/{rel}","templated":true}]}}